{"id":707,"date":"2025-07-23T09:37:06","date_gmt":"2025-07-23T09:37:06","guid":{"rendered":"https:\/\/vakantiehuiskristall.nl\/?page_id=707"},"modified":"2025-12-17T14:42:39","modified_gmt":"2025-12-17T14:42:39","slug":"winter-wandelweek","status":"publish","type":"page","link":"https:\/\/vakantiehuiskristall.nl\/?page_id=707","title":{"rendered":"Winter Wandelreis"},"content":{"rendered":"\t\t<div data-elementor-type=\"wp-page\" data-elementor-id=\"707\" class=\"elementor elementor-707\">\n\t\t\t\t<div class=\"elementor-element elementor-element-7aba47f1 e-flex e-con-boxed e-con e-parent\" data-id=\"7aba47f1\" data-element_type=\"container\">\n\t\t\t\t\t<div class=\"e-con-inner\">\n\t\t\t\t<div class=\"elementor-element elementor-element-12648e76 elementor-widget elementor-widget-spacer\" data-id=\"12648e76\" data-element_type=\"widget\" data-widget_type=\"spacer.default\">\n\t\t\t\t<div class=\"elementor-widget-container\">\n\t\t\t\t\t\t\t<div class=\"elementor-spacer\">\n\t\t\t<div class=\"elementor-spacer-inner\"><\/div>\n\t\t<\/div>\n\t\t\t\t\t\t<\/div>\n\t\t\t\t<\/div>\n\t\t\t\t<div class=\"elementor-element elementor-element-4061d428 elementor-widget elementor-widget-image\" data-id=\"4061d428\" data-element_type=\"widget\" data-widget_type=\"image.default\">\n\t\t\t\t<div class=\"elementor-widget-container\">\n\t\t\t\t\t\t\t\t\t\t\t\t<figure class=\"wp-caption\">\n\t\t\t\t\t\t\t\t\t\t<img fetchpriority=\"high\" decoding=\"async\" width=\"800\" height=\"600\" src=\"https:\/\/vakantiehuiskristall.nl\/wp-content\/uploads\/2025\/09\/Loosbuhel-winter01-WvD-1024x768.jpg\" class=\"attachment-large size-large wp-image-1589\" alt=\"\" srcset=\"https:\/\/vakantiehuiskristall.nl\/wp-content\/uploads\/2025\/09\/Loosbuhel-winter01-WvD-1024x768.jpg 1024w, https:\/\/vakantiehuiskristall.nl\/wp-content\/uploads\/2025\/09\/Loosbuhel-winter01-WvD-300x225.jpg 300w, https:\/\/vakantiehuiskristall.nl\/wp-content\/uploads\/2025\/09\/Loosbuhel-winter01-WvD-768x576.jpg 768w, https:\/\/vakantiehuiskristall.nl\/wp-content\/uploads\/2025\/09\/Loosbuhel-winter01-WvD-1536x1152.jpg 1536w, https:\/\/vakantiehuiskristall.nl\/wp-content\/uploads\/2025\/09\/Loosbuhel-winter01-WvD.jpg 2016w\" sizes=\"(max-width: 800px) 100vw, 800px\" \/>\t\t\t\t\t\t\t\t\t\t\t<figcaption class=\"widget-image-caption wp-caption-text\">Loosbuhel in de sneeuw<\/figcaption>\n\t\t\t\t\t\t\t\t\t\t<\/figure>\n\t\t\t\t\t\t\t\t\t<\/div>\n\t\t\t\t<\/div>\n\t\t<div class=\"elementor-element elementor-element-78daae5 e-grid e-con-full e-con e-child\" data-id=\"78daae5\" data-element_type=\"container\">\n\t\t\t\t<div class=\"elementor-element elementor-element-b5fd81a elementor-align-center elementor-widget elementor-widget-button\" data-id=\"b5fd81a\" data-element_type=\"widget\" data-widget_type=\"button.default\">\n\t\t\t\t<div class=\"elementor-widget-container\">\n\t\t\t\t\t\t\t\t\t<div class=\"elementor-button-wrapper\">\n\t\t\t\t\t<a class=\"elementor-button elementor-button-link elementor-size-sm\" href=\"?page_id=183\">\n\t\t\t\t\t\t<span class=\"elementor-button-content-wrapper\">\n\t\t\t\t\t\t\t\t\t<span class=\"elementor-button-text\">wandelreis<\/span>\n\t\t\t\t\t<\/span>\n\t\t\t\t\t<\/a>\n\t\t\t\t<\/div>\n\t\t\t\t\t\t\t\t<\/div>\n\t\t\t\t<\/div>\n\t\t\t\t<div class=\"elementor-element elementor-element-b4ea6f3 elementor-align-center elementor-widget elementor-widget-button\" data-id=\"b4ea6f3\" data-element_type=\"widget\" data-widget_type=\"button.default\">\n\t\t\t\t<div class=\"elementor-widget-container\">\n\t\t\t\t\t\t\t\t\t<div class=\"elementor-button-wrapper\">\n\t\t\t\t\t<a class=\"elementor-button elementor-button-link elementor-size-sm\" href=\"?page_id=133\">\n\t\t\t\t\t\t<span class=\"elementor-button-content-wrapper\">\n\t\t\t\t\t\t\t\t\t<span class=\"elementor-button-text\">uitrusting<\/span>\n\t\t\t\t\t<\/span>\n\t\t\t\t\t<\/a>\n\t\t\t\t<\/div>\n\t\t\t\t\t\t\t\t<\/div>\n\t\t\t\t<\/div>\n\t\t\t\t<div class=\"elementor-element elementor-element-6b49b0e elementor-align-center elementor-widget elementor-widget-button\" data-id=\"6b49b0e\" data-element_type=\"widget\" data-widget_type=\"button.default\">\n\t\t\t\t<div class=\"elementor-widget-container\">\n\t\t\t\t\t\t\t\t\t<div class=\"elementor-button-wrapper\">\n\t\t\t\t\t<a class=\"elementor-button elementor-button-link elementor-size-sm\" href=\"?page_id=1152\">\n\t\t\t\t\t\t<span class=\"elementor-button-content-wrapper\">\n\t\t\t\t\t\t\t\t\t<span class=\"elementor-button-text\">boeken<\/span>\n\t\t\t\t\t<\/span>\n\t\t\t\t\t<\/a>\n\t\t\t\t<\/div>\n\t\t\t\t\t\t\t\t<\/div>\n\t\t\t\t<\/div>\n\t\t\t\t<\/div>\n\t\t\t\t<div class=\"elementor-element elementor-element-ba84fb6 elementor-widget-divider--view-line elementor-widget elementor-widget-divider\" data-id=\"ba84fb6\" data-element_type=\"widget\" data-widget_type=\"divider.default\">\n\t\t\t\t<div class=\"elementor-widget-container\">\n\t\t\t\t\t\t\t<div class=\"elementor-divider\">\n\t\t\t<span class=\"elementor-divider-separator\">\n\t\t\t\t\t\t<\/span>\n\t\t<\/div>\n\t\t\t\t\t\t<\/div>\n\t\t\t\t<\/div>\n\t\t\t\t<div class=\"elementor-element elementor-element-ef3a10d elementor-widget elementor-widget-heading\" data-id=\"ef3a10d\" data-element_type=\"widget\" data-widget_type=\"heading.default\">\n\t\t\t\t<div class=\"elementor-widget-container\">\n\t\t\t\t\t<h3 class=\"elementor-heading-title elementor-size-default\">Winterreis 2025<\/h3>\t\t\t\t<\/div>\n\t\t\t\t<\/div>\n\t\t\t\t<div class=\"elementor-element elementor-element-1d7126b0 elementor-widget elementor-widget-text-editor\" data-id=\"1d7126b0\" data-element_type=\"widget\" data-widget_type=\"text-editor.default\">\n\t\t\t\t<div class=\"elementor-widget-container\">\n\t\t\t\t\t\t\t\t\t<p>Diep verscholen in de Oostenrijkse Alpen heeft het Gro\u00dfarl dal veel van het oorspronkelijke karakter en landschappelijke schoonheid behouden. Het \u2018Dal van de Almen\u2019 is met haar glooiende alpenweiden, prachtige routes en vele \u2018bewirtschaftete\u2019 almen een waar eldorado voor de (sneeuw)wandelaar.<\/p><p>Heb je zin om het Gro\u00dfarltal, het dal met de prachtigste bergen van Oostenrijk, in de winter te ontdekken? Het Gro\u00dfarltal staat bekend als een sneeuwzeker gebied. Stel jezelf voor: moe maar voldaan van een inspannende klim kijk je vanaf het terras van een almhut en je geniet van een Kaiserschmarren of warme Apfelstrudel. Je kijkt uit over een prachtige besneeuwde bergwereld van almen en sparrenbossen, met indrukwekkende toppen aan de horizon. De bergen zijn in alle weersomstandigheden prachtig om te zien en nodigen jullie dan ook uit om in deze week al in de kerstsferen te komen.\u00a0<\/p><p>Ga je mee?<\/p>\t\t\t\t\t\t\t\t<\/div>\n\t\t\t\t<\/div>\n\t\t\t\t<div class=\"elementor-element elementor-element-443bdda7 elementor-widget-divider--view-line elementor-widget elementor-widget-divider\" data-id=\"443bdda7\" data-element_type=\"widget\" data-widget_type=\"divider.default\">\n\t\t\t\t<div class=\"elementor-widget-container\">\n\t\t\t\t\t\t\t<div class=\"elementor-divider\">\n\t\t\t<span class=\"elementor-divider-separator\">\n\t\t\t\t\t\t<\/span>\n\t\t<\/div>\n\t\t\t\t\t\t<\/div>\n\t\t\t\t<\/div>\n\t\t<div class=\"elementor-element elementor-element-21c3a43d e-grid e-con-full e-con e-child\" data-id=\"21c3a43d\" data-element_type=\"container\">\n\t\t\t\t<div class=\"elementor-element elementor-element-32951d8d elementor-widget elementor-widget-text-editor\" data-id=\"32951d8d\" data-element_type=\"widget\" data-widget_type=\"text-editor.default\">\n\t\t\t\t<div class=\"elementor-widget-container\">\n\t\t\t\t\t\t\t\t\t<p><strong>Programma<\/strong><\/p><p>Afhankelijk van de hoeveelheid sneeuw kan er gewandeld worden met of zonder sneeuwschoenen. Wat zeker op het programma staat is een bezoek aan de beroemde kerstmarkt te Salzburg en het Bergadvent in Grossarl.<\/p><p>Het programma wordt gekozen met afweging van de conditie en wensen van de groepsleden. De wandelingen die wij gewoonlijk maken heten niveau 2 en 3. Iedereen die over een goede gezondheid en een normale conditie beschikt, zal onze wandelingen kunnen voltooien. Onze reizen zijn geschikt voor wandelaars van 50+.<\/p>\t\t\t\t\t\t\t\t<\/div>\n\t\t\t\t<\/div>\n\t\t\t\t<div class=\"elementor-element elementor-element-a9466d8 elementor-widget elementor-widget-text-editor\" data-id=\"a9466d8\" data-element_type=\"widget\" data-widget_type=\"text-editor.default\">\n\t\t\t\t<div class=\"elementor-widget-container\">\n\t\t\t\t\t\t\t\t\t<p><strong>Je uitvalsbasis: Chalet Kristall<\/strong><\/p><p><a href=\"https:\/\/vakantiehuiskristall.nl\/?page_id=1056\">Chalet Kristall<\/a> is tijdens de winterreis je thuis. Een comfortabele woonkamer met houtkachel, een goed geoutilleerde keuken, vijf stijlvol ingerichte slaapkamers, met heerlijke bedden, plus een heerlijke wellness-ruimte, met een royale sauna, extra large ligbad, dubbele douche.<\/p><p>Perfecte verzorging en ontspanning voor je lichaam na een dag vol Gro\u00dfarl-avonturen.<\/p>\t\t\t\t\t\t\t\t<\/div>\n\t\t\t\t<\/div>\n\t\t\t\t<\/div>\n\t\t\t\t<div class=\"elementor-element elementor-element-3fb4a482 elementor-widget-divider--view-line elementor-widget elementor-widget-divider\" data-id=\"3fb4a482\" data-element_type=\"widget\" data-widget_type=\"divider.default\">\n\t\t\t\t<div class=\"elementor-widget-container\">\n\t\t\t\t\t\t\t<div class=\"elementor-divider\">\n\t\t\t<span class=\"elementor-divider-separator\">\n\t\t\t\t\t\t<\/span>\n\t\t<\/div>\n\t\t\t\t\t\t<\/div>\n\t\t\t\t<\/div>\n\t\t<div class=\"elementor-element elementor-element-595a7bcc e-grid e-con-full e-con e-child\" data-id=\"595a7bcc\" data-element_type=\"container\">\n\t\t\t\t<div class=\"elementor-element elementor-element-3a882db2 elementor-widget elementor-widget-image\" data-id=\"3a882db2\" data-element_type=\"widget\" data-widget_type=\"image.default\">\n\t\t\t\t<div class=\"elementor-widget-container\">\n\t\t\t\t\t\t\t\t\t\t\t\t<figure class=\"wp-caption\">\n\t\t\t\t\t\t\t\t\t\t<img decoding=\"async\" width=\"800\" height=\"600\" src=\"https:\/\/vakantiehuiskristall.nl\/wp-content\/uploads\/2025\/09\/Schiedweg-winter01-WvD-1024x768.jpg\" class=\"attachment-large size-large wp-image-1591\" alt=\"\" srcset=\"https:\/\/vakantiehuiskristall.nl\/wp-content\/uploads\/2025\/09\/Schiedweg-winter01-WvD-1024x768.jpg 1024w, https:\/\/vakantiehuiskristall.nl\/wp-content\/uploads\/2025\/09\/Schiedweg-winter01-WvD-300x225.jpg 300w, https:\/\/vakantiehuiskristall.nl\/wp-content\/uploads\/2025\/09\/Schiedweg-winter01-WvD-768x576.jpg 768w, https:\/\/vakantiehuiskristall.nl\/wp-content\/uploads\/2025\/09\/Schiedweg-winter01-WvD.jpg 1440w\" sizes=\"(max-width: 800px) 100vw, 800px\" \/>\t\t\t\t\t\t\t\t\t\t\t<figcaption class=\"widget-image-caption wp-caption-text\">uitzicht Schiedweg<\/figcaption>\n\t\t\t\t\t\t\t\t\t\t<\/figure>\n\t\t\t\t\t\t\t\t\t<\/div>\n\t\t\t\t<\/div>\n\t\t\t\t<div class=\"elementor-element elementor-element-ebdfc8d elementor-widget elementor-widget-image\" data-id=\"ebdfc8d\" data-element_type=\"widget\" data-widget_type=\"image.default\">\n\t\t\t\t<div class=\"elementor-widget-container\">\n\t\t\t\t\t\t\t\t\t\t\t\t<figure class=\"wp-caption\">\n\t\t\t\t\t\t\t\t\t\t<img decoding=\"async\" width=\"800\" height=\"600\" src=\"https:\/\/vakantiehuiskristall.nl\/wp-content\/uploads\/2025\/09\/winterlicht-WvD-1024x768.jpg\" class=\"attachment-large size-large wp-image-1594\" alt=\"\" srcset=\"https:\/\/vakantiehuiskristall.nl\/wp-content\/uploads\/2025\/09\/winterlicht-WvD-1024x768.jpg 1024w, https:\/\/vakantiehuiskristall.nl\/wp-content\/uploads\/2025\/09\/winterlicht-WvD-300x225.jpg 300w, https:\/\/vakantiehuiskristall.nl\/wp-content\/uploads\/2025\/09\/winterlicht-WvD-768x576.jpg 768w, https:\/\/vakantiehuiskristall.nl\/wp-content\/uploads\/2025\/09\/winterlicht-WvD.jpg 1247w\" sizes=\"(max-width: 800px) 100vw, 800px\" \/>\t\t\t\t\t\t\t\t\t\t\t<figcaption class=\"widget-image-caption wp-caption-text\">winterlicht<\/figcaption>\n\t\t\t\t\t\t\t\t\t\t<\/figure>\n\t\t\t\t\t\t\t\t\t<\/div>\n\t\t\t\t<\/div>\n\t\t\t\t<div class=\"elementor-element elementor-element-585621cb elementor-widget elementor-widget-image\" data-id=\"585621cb\" data-element_type=\"widget\" data-widget_type=\"image.default\">\n\t\t\t\t<div class=\"elementor-widget-container\">\n\t\t\t\t\t\t\t\t\t\t\t\t<figure class=\"wp-caption\">\n\t\t\t\t\t\t\t\t\t\t<img loading=\"lazy\" decoding=\"async\" width=\"800\" height=\"600\" src=\"https:\/\/vakantiehuiskristall.nl\/wp-content\/uploads\/2025\/09\/kabelbaan-winter01-WvD-1024x768.jpg\" class=\"attachment-large size-large wp-image-1592\" alt=\"\" srcset=\"https:\/\/vakantiehuiskristall.nl\/wp-content\/uploads\/2025\/09\/kabelbaan-winter01-WvD-1024x768.jpg 1024w, https:\/\/vakantiehuiskristall.nl\/wp-content\/uploads\/2025\/09\/kabelbaan-winter01-WvD-300x225.jpg 300w, https:\/\/vakantiehuiskristall.nl\/wp-content\/uploads\/2025\/09\/kabelbaan-winter01-WvD-768x576.jpg 768w, https:\/\/vakantiehuiskristall.nl\/wp-content\/uploads\/2025\/09\/kabelbaan-winter01-WvD-1536x1152.jpg 1536w, https:\/\/vakantiehuiskristall.nl\/wp-content\/uploads\/2025\/09\/kabelbaan-winter01-WvD.jpg 1600w\" sizes=\"(max-width: 800px) 100vw, 800px\" \/>\t\t\t\t\t\t\t\t\t\t\t<figcaption class=\"widget-image-caption wp-caption-text\">uitzicht vanuit de kabelbaan<\/figcaption>\n\t\t\t\t\t\t\t\t\t\t<\/figure>\n\t\t\t\t\t\t\t\t\t<\/div>\n\t\t\t\t<\/div>\n\t\t\t\t<\/div>\n\t\t\t\t<div class=\"elementor-element elementor-element-fe73afd elementor-widget-divider--view-line elementor-widget elementor-widget-divider\" data-id=\"fe73afd\" data-element_type=\"widget\" data-widget_type=\"divider.default\">\n\t\t\t\t<div class=\"elementor-widget-container\">\n\t\t\t\t\t\t\t<div class=\"elementor-divider\">\n\t\t\t<span class=\"elementor-divider-separator\">\n\t\t\t\t\t\t<\/span>\n\t\t<\/div>\n\t\t\t\t\t\t<\/div>\n\t\t\t\t<\/div>\n\t\t\t\t<div class=\"elementor-element elementor-element-1e3b5227 elementor-widget elementor-widget-text-editor\" data-id=\"1e3b5227\" data-element_type=\"widget\" data-widget_type=\"text-editor.default\">\n\t\t\t\t<div class=\"elementor-widget-container\">\n\t\t\t\t\t\t\t\t\t<p><strong>Programma<\/strong><\/p><p>Een wandeltocht in de sneeuw is altijd heel bijzonder maar best zwaar. Iedereen met een normale conditie kan dit programma zonder problemen ervaren.<\/p><ul><li>dag 1: reisdag<\/li><li>dag 2-5:<ul><li>wandeling naar het dorp met aansluitend Bergadvent<\/li><li>wandeling Loosb\u00fchelalm<\/li><li>kabelbaanwandeling<\/li><li>kerstmarkt Salzburg<\/li><li>wandeling naar keuze<\/li><\/ul><\/li><li>dag 6: afscheid en reisdag<\/li><\/ul>\t\t\t\t\t\t\t\t<\/div>\n\t\t\t\t<\/div>\n\t\t\t\t<div class=\"elementor-element elementor-element-39b07794 elementor-widget-divider--view-line elementor-widget elementor-widget-divider\" data-id=\"39b07794\" data-element_type=\"widget\" data-widget_type=\"divider.default\">\n\t\t\t\t<div class=\"elementor-widget-container\">\n\t\t\t\t\t\t\t<div class=\"elementor-divider\">\n\t\t\t<span class=\"elementor-divider-separator\">\n\t\t\t\t\t\t<\/span>\n\t\t<\/div>\n\t\t\t\t\t\t<\/div>\n\t\t\t\t<\/div>\n\t\t<div class=\"elementor-element elementor-element-c76c898 e-grid e-con-full e-con e-child\" data-id=\"c76c898\" data-element_type=\"container\">\n\t\t\t\t<div class=\"elementor-element elementor-element-0bbf659 elementor-widget elementor-widget-text-editor\" data-id=\"0bbf659\" data-element_type=\"widget\" data-widget_type=\"text-editor.default\">\n\t\t\t\t<div class=\"elementor-widget-container\">\n\t\t\t\t\t\t\t\t\t<p><strong>Gro\u00dfarl Berg Advent <\/strong><\/p><p>Gro\u00dfaltal Berg Advent is een gezellig alternatief voor de hectische drukte voor Kerstmis in de steden. Beleef de besneeuwde bergen in Gro\u00dfarltal. Luister naar de geluiden van de muzikanten tijdens de fakkeltocht en tijdens het zingen in advent. Kom in de kerststemming met de fruitige geur van gl\u00fchwein, punch en vers fruitbrood. Geniet met al je zintuigen van de Gro\u00dfarl Berg Advent. Een advent zoals in onze kindertijd, advent zoals toen.<\/p>\t\t\t\t\t\t\t\t<\/div>\n\t\t\t\t<\/div>\n\t\t\t\t<div class=\"elementor-element elementor-element-7df2287 elementor-widget elementor-widget-image\" data-id=\"7df2287\" data-element_type=\"widget\" data-widget_type=\"image.default\">\n\t\t\t\t<div class=\"elementor-widget-container\">\n\t\t\t\t\t\t\t\t\t\t\t\t\t\t\t<img loading=\"lazy\" decoding=\"async\" width=\"533\" height=\"400\" src=\"https:\/\/vakantiehuiskristall.nl\/wp-content\/uploads\/2025\/12\/Grossarl-Bergadvent2-202512-WvD.jpg\" class=\"attachment-large size-large wp-image-1650\" alt=\"\" srcset=\"https:\/\/vakantiehuiskristall.nl\/wp-content\/uploads\/2025\/12\/Grossarl-Bergadvent2-202512-WvD.jpg 533w, https:\/\/vakantiehuiskristall.nl\/wp-content\/uploads\/2025\/12\/Grossarl-Bergadvent2-202512-WvD-300x225.jpg 300w\" sizes=\"(max-width: 533px) 100vw, 533px\" \/>\t\t\t\t\t\t\t\t\t\t\t\t\t\t\t<\/div>\n\t\t\t\t<\/div>\n\t\t\t\t<\/div>\n\t\t\t\t<div class=\"elementor-element elementor-element-d9572b6 elementor-widget-divider--view-line elementor-widget elementor-widget-divider\" data-id=\"d9572b6\" data-element_type=\"widget\" data-widget_type=\"divider.default\">\n\t\t\t\t<div class=\"elementor-widget-container\">\n\t\t\t\t\t\t\t<div class=\"elementor-divider\">\n\t\t\t<span class=\"elementor-divider-separator\">\n\t\t\t\t\t\t<\/span>\n\t\t<\/div>\n\t\t\t\t\t\t<\/div>\n\t\t\t\t<\/div>\n\t\t<div class=\"elementor-element elementor-element-a19a7eb e-grid e-con-full e-con e-child\" data-id=\"a19a7eb\" data-element_type=\"container\">\n\t\t\t\t<div class=\"elementor-element elementor-element-17d6f59 elementor-widget elementor-widget-text-editor\" data-id=\"17d6f59\" data-element_type=\"widget\" data-widget_type=\"text-editor.default\">\n\t\t\t\t<div class=\"elementor-widget-container\">\n\t\t\t\t\t\t\t\t\t<p><strong>Kerstmarkt van Salzburg<\/strong><\/p><p>De dagen voor kerst zijn misschien wel de meest gezellige dagen van de winter om deze stad te bezoeken. Heel Salzburg is omgetoverd in een stad vol lichtjes, gl\u00fchwein en gezelligheid. De stad van Mozart ademt kerst met de vele en drukbezochte kerstmarkten.<\/p><p>Wereldberoemd, en terecht ook: de Christkindlmarkt in het centrum van Salzburg is er eentje om niet snel te vergeten. Rondom de Salzburger Dom vind je talloze kraampjes met gl\u00fchwein, raclette, bratwurst, k\u00e4sesp\u00e4tzle en vele handgemaakte producten (van kerstballen tot tassen en sokken). Gl\u00fchwein drink je trouwens uit een echte mooie mok.<\/p><p>Bovenop de M\u00f6nchsberg ligt het beroemde kasteel van Salzburg: Festung Hohensalzburg. Een bezoek aan deze Festung is de moeite waard want naast de kerstmarkt in het kasteel kan je genieten van schitterende uitzichten over de oude binnenstad van Salzburg.<\/p>\t\t\t\t\t\t\t\t<\/div>\n\t\t\t\t<\/div>\n\t\t\t\t<div class=\"elementor-element elementor-element-dda1820 elementor-widget elementor-widget-image\" data-id=\"dda1820\" data-element_type=\"widget\" data-widget_type=\"image.default\">\n\t\t\t\t<div class=\"elementor-widget-container\">\n\t\t\t\t\t\t\t\t\t\t\t\t<figure class=\"wp-caption\">\n\t\t\t\t\t\t\t\t\t\t<img loading=\"lazy\" decoding=\"async\" width=\"533\" height=\"400\" src=\"https:\/\/vakantiehuiskristall.nl\/wp-content\/uploads\/2025\/12\/Salzburg-kerstmarkt-202512-WvD.jpg\" class=\"attachment-large size-large wp-image-1651\" alt=\"\" srcset=\"https:\/\/vakantiehuiskristall.nl\/wp-content\/uploads\/2025\/12\/Salzburg-kerstmarkt-202512-WvD.jpg 533w, https:\/\/vakantiehuiskristall.nl\/wp-content\/uploads\/2025\/12\/Salzburg-kerstmarkt-202512-WvD-300x225.jpg 300w\" sizes=\"(max-width: 533px) 100vw, 533px\" \/>\t\t\t\t\t\t\t\t\t\t\t<figcaption class=\"widget-image-caption wp-caption-text\"><\/figcaption>\n\t\t\t\t\t\t\t\t\t\t<\/figure>\n\t\t\t\t\t\t\t\t\t<\/div>\n\t\t\t\t<\/div>\n\t\t\t\t<\/div>\n\t\t\t\t<div class=\"elementor-element elementor-element-4c5463f5 elementor-widget-divider--view-line elementor-widget elementor-widget-divider\" data-id=\"4c5463f5\" data-element_type=\"widget\" data-widget_type=\"divider.default\">\n\t\t\t\t<div class=\"elementor-widget-container\">\n\t\t\t\t\t\t\t<div class=\"elementor-divider\">\n\t\t\t<span class=\"elementor-divider-separator\">\n\t\t\t\t\t\t<\/span>\n\t\t<\/div>\n\t\t\t\t\t\t<\/div>\n\t\t\t\t<\/div>\n\t\t<div class=\"elementor-element elementor-element-f869ef2 e-grid e-con-full e-con e-child\" data-id=\"f869ef2\" data-element_type=\"container\">\n\t\t\t\t<div class=\"elementor-element elementor-element-69c7f81 elementor-widget elementor-widget-text-editor\" data-id=\"69c7f81\" data-element_type=\"widget\" data-widget_type=\"text-editor.default\">\n\t\t\t\t<div class=\"elementor-widget-container\">\n\t\t\t\t\t\t\t\t\t<p><strong>Wintersportactiviteiten<\/strong><\/p><ul><li>Alpine ski\u00ebn: Gro\u00dfarltal biedt je 75 kilometer aan skipistes in allerlei soorten en maten<\/li><li>Langlaufen: leer langlaufen met je eigen groep. Een plaatselijke leraar leert je de basis van deze leuke sport<\/li><li>Rodelen:\u00a0<\/li><li>Ritje in een arreslee:<\/li><\/ul><p>\u00a0<\/p><p>Uiteraard is zijn deze activiteiten afhankelijk van de sneeuwcondities en beschikbaarheid in het dal. Prijzen van deze activiteiten zijn niet inbegrepen in de winterweek.<\/p>\t\t\t\t\t\t\t\t<\/div>\n\t\t\t\t<\/div>\n\t\t\t\t<div class=\"elementor-element elementor-element-c7992e6 elementor-widget elementor-widget-image\" data-id=\"c7992e6\" data-element_type=\"widget\" data-widget_type=\"image.default\">\n\t\t\t\t<div class=\"elementor-widget-container\">\n\t\t\t\t\t\t\t\t\t\t\t\t<figure class=\"wp-caption\">\n\t\t\t\t\t\t\t\t\t\t<img loading=\"lazy\" decoding=\"async\" width=\"800\" height=\"600\" src=\"https:\/\/vakantiehuiskristall.nl\/wp-content\/uploads\/2025\/09\/skiien01-WvD-1024x768.jpg\" class=\"attachment-large size-large wp-image-1595\" alt=\"\" srcset=\"https:\/\/vakantiehuiskristall.nl\/wp-content\/uploads\/2025\/09\/skiien01-WvD-1024x768.jpg 1024w, https:\/\/vakantiehuiskristall.nl\/wp-content\/uploads\/2025\/09\/skiien01-WvD-300x225.jpg 300w, https:\/\/vakantiehuiskristall.nl\/wp-content\/uploads\/2025\/09\/skiien01-WvD-768x576.jpg 768w, https:\/\/vakantiehuiskristall.nl\/wp-content\/uploads\/2025\/09\/skiien01-WvD.jpg 1496w\" sizes=\"(max-width: 800px) 100vw, 800px\" \/>\t\t\t\t\t\t\t\t\t\t\t<figcaption class=\"widget-image-caption wp-caption-text\">op de latten<\/figcaption>\n\t\t\t\t\t\t\t\t\t\t<\/figure>\n\t\t\t\t\t\t\t\t\t<\/div>\n\t\t\t\t<\/div>\n\t\t\t\t<\/div>\n\t\t\t\t<div class=\"elementor-element elementor-element-76daa07 elementor-widget-divider--view-line elementor-widget elementor-widget-divider\" data-id=\"76daa07\" data-element_type=\"widget\" data-widget_type=\"divider.default\">\n\t\t\t\t<div class=\"elementor-widget-container\">\n\t\t\t\t\t\t\t<div class=\"elementor-divider\">\n\t\t\t<span class=\"elementor-divider-separator\">\n\t\t\t\t\t\t<\/span>\n\t\t<\/div>\n\t\t\t\t\t\t<\/div>\n\t\t\t\t<\/div>\n\t\t<div class=\"elementor-element elementor-element-4f30cce1 e-grid e-con-full e-con e-child\" data-id=\"4f30cce1\" data-element_type=\"container\">\n\t\t\t\t<div class=\"elementor-element elementor-element-438d8a96 elementor-widget elementor-widget-text-editor\" data-id=\"438d8a96\" data-element_type=\"widget\" data-widget_type=\"text-editor.default\">\n\t\t\t\t<div class=\"elementor-widget-container\">\n\t\t\t\t\t\t\t\t\t<p><strong>Het weer<\/strong><\/p><p>Het weer is net zo onvoorspelbaar als in Nederland. Bovendien kan het weer in de bergen nog sneller omslaan. Uit ervaring weten we dat de avonden en nachten altijd fris of koud zijn, maar je hebt in Chalet Kristall een heerlijk warm bed.\u00a0Download de app of bekijk de <a href=\"https:\/\/nl.bergfex.com\/grossarl\/wetter\/\" target=\"_blank\" rel=\"noopener\">website van Bergfex<\/a> voor actueel weer en webcams.<\/p>\t\t\t\t\t\t\t\t<\/div>\n\t\t\t\t<\/div>\n\t\t\t\t<div class=\"elementor-element elementor-element-1f23e06b elementor-widget elementor-widget-text-editor\" data-id=\"1f23e06b\" data-element_type=\"widget\" data-widget_type=\"text-editor.default\">\n\t\t\t\t<div class=\"elementor-widget-container\">\n\t\t\t\t\t\t\t\t\t<p><strong>Uitrusting<\/strong><\/p><p>Een goede voorbereiding is het halve werk en zorgt uiteraard voor een comfortabele en veilige wandeling. Neem de tijd om je <a href=\"https:\/\/vakantiehuiskristall.nl\/?page_id=133\">uitrusting<\/a> in orde te maken. In ieder geval dien je bij je te hebben:<\/p><ul><li>een dagrugzak voor een paar flesjes water<\/li><li>winterkleding + sjaal, handschoenen, muts, thermokleding, etc.<\/li><li>uiteraard goede stevige bij voorkeur hoge wandelschoenen met wandelsokken<\/li><li>wandelstokken<\/li><li>zonnebril + lippenc\u00e8me<\/li><\/ul>\t\t\t\t\t\t\t\t<\/div>\n\t\t\t\t<\/div>\n\t\t\t\t<\/div>\n\t\t\t\t<div class=\"elementor-element elementor-element-f7abfa2 elementor-widget-divider--view-line elementor-widget elementor-widget-divider\" data-id=\"f7abfa2\" data-element_type=\"widget\" data-widget_type=\"divider.default\">\n\t\t\t\t<div class=\"elementor-widget-container\">\n\t\t\t\t\t\t\t<div class=\"elementor-divider\">\n\t\t\t<span class=\"elementor-divider-separator\">\n\t\t\t\t\t\t<\/span>\n\t\t<\/div>\n\t\t\t\t\t\t<\/div>\n\t\t\t\t<\/div>\n\t\t\t\t<div class=\"elementor-element elementor-element-7c94b970 elementor-widget elementor-widget-image\" data-id=\"7c94b970\" data-element_type=\"widget\" data-widget_type=\"image.default\">\n\t\t\t\t<div class=\"elementor-widget-container\">\n\t\t\t\t\t\t\t\t\t\t\t\t<figure class=\"wp-caption\">\n\t\t\t\t\t\t\t\t\t\t<img loading=\"lazy\" decoding=\"async\" width=\"2016\" height=\"1512\" src=\"https:\/\/vakantiehuiskristall.nl\/wp-content\/uploads\/2025\/09\/LoosbuhelAlmHut-sneeuw-WvD.jpg\" class=\"attachment-full size-full wp-image-1596\" alt=\"\" srcset=\"https:\/\/vakantiehuiskristall.nl\/wp-content\/uploads\/2025\/09\/LoosbuhelAlmHut-sneeuw-WvD.jpg 2016w, https:\/\/vakantiehuiskristall.nl\/wp-content\/uploads\/2025\/09\/LoosbuhelAlmHut-sneeuw-WvD-300x225.jpg 300w, https:\/\/vakantiehuiskristall.nl\/wp-content\/uploads\/2025\/09\/LoosbuhelAlmHut-sneeuw-WvD-1024x768.jpg 1024w, https:\/\/vakantiehuiskristall.nl\/wp-content\/uploads\/2025\/09\/LoosbuhelAlmHut-sneeuw-WvD-768x576.jpg 768w, https:\/\/vakantiehuiskristall.nl\/wp-content\/uploads\/2025\/09\/LoosbuhelAlmHut-sneeuw-WvD-1536x1152.jpg 1536w\" sizes=\"(max-width: 2016px) 100vw, 2016px\" \/>\t\t\t\t\t\t\t\t\t\t\t<figcaption class=\"widget-image-caption wp-caption-text\">Loosbuhel Almhut<\/figcaption>\n\t\t\t\t\t\t\t\t\t\t<\/figure>\n\t\t\t\t\t\t\t\t\t<\/div>\n\t\t\t\t<\/div>\n\t\t\t\t<div class=\"elementor-element elementor-element-1ecf111d elementor-widget-divider--view-line elementor-widget elementor-widget-divider\" data-id=\"1ecf111d\" data-element_type=\"widget\" data-widget_type=\"divider.default\">\n\t\t\t\t<div class=\"elementor-widget-container\">\n\t\t\t\t\t\t\t<div class=\"elementor-divider\">\n\t\t\t<span class=\"elementor-divider-separator\">\n\t\t\t\t\t\t<\/span>\n\t\t<\/div>\n\t\t\t\t\t\t<\/div>\n\t\t\t\t<\/div>\n\t\t<div class=\"elementor-element elementor-element-b53f9fd e-grid e-con-full e-con e-child\" data-id=\"b53f9fd\" data-element_type=\"container\">\n\t\t\t\t<div class=\"elementor-element elementor-element-588c2c elementor-widget elementor-widget-image\" data-id=\"588c2c\" data-element_type=\"widget\" data-widget_type=\"image.default\">\n\t\t\t\t<div class=\"elementor-widget-container\">\n\t\t\t\t\t\t\t\t\t\t\t\t<figure class=\"wp-caption\">\n\t\t\t\t\t\t\t\t\t\t<img loading=\"lazy\" decoding=\"async\" width=\"800\" height=\"600\" src=\"https:\/\/vakantiehuiskristall.nl\/wp-content\/uploads\/2025\/09\/TalSchluss-winter-WvD-1024x768.jpg\" class=\"attachment-large size-large wp-image-1599\" alt=\"\" srcset=\"https:\/\/vakantiehuiskristall.nl\/wp-content\/uploads\/2025\/09\/TalSchluss-winter-WvD-1024x768.jpg 1024w, https:\/\/vakantiehuiskristall.nl\/wp-content\/uploads\/2025\/09\/TalSchluss-winter-WvD-300x225.jpg 300w, https:\/\/vakantiehuiskristall.nl\/wp-content\/uploads\/2025\/09\/TalSchluss-winter-WvD-768x576.jpg 768w, https:\/\/vakantiehuiskristall.nl\/wp-content\/uploads\/2025\/09\/TalSchluss-winter-WvD-1536x1152.jpg 1536w, https:\/\/vakantiehuiskristall.nl\/wp-content\/uploads\/2025\/09\/TalSchluss-winter-WvD.jpg 1600w\" sizes=\"(max-width: 800px) 100vw, 800px\" \/>\t\t\t\t\t\t\t\t\t\t\t<figcaption class=\"widget-image-caption wp-caption-text\">meer van Talschluss<\/figcaption>\n\t\t\t\t\t\t\t\t\t\t<\/figure>\n\t\t\t\t\t\t\t\t\t<\/div>\n\t\t\t\t<\/div>\n\t\t\t\t<div class=\"elementor-element elementor-element-3c81705d elementor-widget elementor-widget-image\" data-id=\"3c81705d\" data-element_type=\"widget\" data-widget_type=\"image.default\">\n\t\t\t\t<div class=\"elementor-widget-container\">\n\t\t\t\t\t\t\t\t\t\t\t\t<figure class=\"wp-caption\">\n\t\t\t\t\t\t\t\t\t\t<img loading=\"lazy\" decoding=\"async\" width=\"800\" height=\"600\" src=\"https:\/\/vakantiehuiskristall.nl\/wp-content\/uploads\/2025\/09\/KneippAnlage-sneeuw01-WvD-1024x768.jpg\" class=\"attachment-large size-large wp-image-1598\" alt=\"\" srcset=\"https:\/\/vakantiehuiskristall.nl\/wp-content\/uploads\/2025\/09\/KneippAnlage-sneeuw01-WvD-1024x768.jpg 1024w, https:\/\/vakantiehuiskristall.nl\/wp-content\/uploads\/2025\/09\/KneippAnlage-sneeuw01-WvD-300x225.jpg 300w, https:\/\/vakantiehuiskristall.nl\/wp-content\/uploads\/2025\/09\/KneippAnlage-sneeuw01-WvD-768x576.jpg 768w, https:\/\/vakantiehuiskristall.nl\/wp-content\/uploads\/2025\/09\/KneippAnlage-sneeuw01-WvD-1536x1152.jpg 1536w, https:\/\/vakantiehuiskristall.nl\/wp-content\/uploads\/2025\/09\/KneippAnlage-sneeuw01-WvD.jpg 2016w\" sizes=\"(max-width: 800px) 100vw, 800px\" \/>\t\t\t\t\t\t\t\t\t\t\t<figcaption class=\"widget-image-caption wp-caption-text\">Kneipp Anlage (brrr)<\/figcaption>\n\t\t\t\t\t\t\t\t\t\t<\/figure>\n\t\t\t\t\t\t\t\t\t<\/div>\n\t\t\t\t<\/div>\n\t\t\t\t<div class=\"elementor-element elementor-element-318916b7 elementor-widget elementor-widget-image\" data-id=\"318916b7\" data-element_type=\"widget\" data-widget_type=\"image.default\">\n\t\t\t\t<div class=\"elementor-widget-container\">\n\t\t\t\t\t\t\t\t\t\t\t\t<figure class=\"wp-caption\">\n\t\t\t\t\t\t\t\t\t\t<img loading=\"lazy\" decoding=\"async\" width=\"800\" height=\"600\" src=\"https:\/\/vakantiehuiskristall.nl\/wp-content\/uploads\/2025\/09\/KneippAnlage-sneeuw02-WvD-1024x768.jpg\" class=\"attachment-large size-large wp-image-1597\" alt=\"\" srcset=\"https:\/\/vakantiehuiskristall.nl\/wp-content\/uploads\/2025\/09\/KneippAnlage-sneeuw02-WvD-1024x768.jpg 1024w, https:\/\/vakantiehuiskristall.nl\/wp-content\/uploads\/2025\/09\/KneippAnlage-sneeuw02-WvD-300x225.jpg 300w, https:\/\/vakantiehuiskristall.nl\/wp-content\/uploads\/2025\/09\/KneippAnlage-sneeuw02-WvD-768x576.jpg 768w, https:\/\/vakantiehuiskristall.nl\/wp-content\/uploads\/2025\/09\/KneippAnlage-sneeuw02-WvD-1536x1152.jpg 1536w, https:\/\/vakantiehuiskristall.nl\/wp-content\/uploads\/2025\/09\/KneippAnlage-sneeuw02-WvD.jpg 2016w\" sizes=\"(max-width: 800px) 100vw, 800px\" \/>\t\t\t\t\t\t\t\t\t\t\t<figcaption class=\"widget-image-caption wp-caption-text\">ijijijijskoud water<\/figcaption>\n\t\t\t\t\t\t\t\t\t\t<\/figure>\n\t\t\t\t\t\t\t\t\t<\/div>\n\t\t\t\t<\/div>\n\t\t\t\t<\/div>\n\t\t\t\t<div class=\"elementor-element elementor-element-7d213081 elementor-widget-divider--view-line elementor-widget elementor-widget-divider\" data-id=\"7d213081\" data-element_type=\"widget\" data-widget_type=\"divider.default\">\n\t\t\t\t<div class=\"elementor-widget-container\">\n\t\t\t\t\t\t\t<div class=\"elementor-divider\">\n\t\t\t<span class=\"elementor-divider-separator\">\n\t\t\t\t\t\t<\/span>\n\t\t<\/div>\n\t\t\t\t\t\t<\/div>\n\t\t\t\t<\/div>\n\t\t\t\t<div class=\"elementor-element elementor-element-2a357dc2 elementor-widget elementor-widget-text-editor\" data-id=\"2a357dc2\" data-element_type=\"widget\" data-widget_type=\"text-editor.default\">\n\t\t\t\t<div class=\"elementor-widget-container\">\n\t\t\t\t\t\t\t\t\t<p><strong>Prijs winterreis<\/strong><\/p><p>Vanaf \u20ac675,- per persoon; gebaseerd op minimaal 6 personen<\/p><p>Groepsgrootte maximaal 12 personen<\/p>\t\t\t\t\t\t\t\t<\/div>\n\t\t\t\t<\/div>\n\t\t<div class=\"elementor-element elementor-element-15d5835a e-grid e-con-full e-con e-child\" data-id=\"15d5835a\" data-element_type=\"container\">\n\t\t\t\t<div class=\"elementor-element elementor-element-4967a49a elementor-widget elementor-widget-text-editor\" data-id=\"4967a49a\" data-element_type=\"widget\" data-widget_type=\"text-editor.default\">\n\t\t\t\t<div class=\"elementor-widget-container\">\n\t\t\t\t\t\t\t\t\t<p><strong>Inclusief:<\/strong><\/p><ul><li>welkomstdrankje in Chalet Kristall<\/li><li>7x ontbijt<\/li><li>1x Oostenrijkse live muziekavond bij Berghotel Alpenklang, inclusief eten en drinken sap\/fris\/bier\/wijn (sterke drank en cocktails voor eigen rekening)<\/li><li>koffie en thee in het chalet<\/li><li>parkeren bij het chalet, toeristenbelasting, lakenpakket, energie, water en eindschoonmaak<\/li><li>gebruik van alle faciliteiten van het chalet zoals sauna, wasmachine, droger, etc.<\/li><li>begeleiding\/gids in de bergen<\/li><li>vermoeide beenspieren en\/of spierpijn de volgende dag, uitzicht, gezelligheid, spelletjes en nog meer klets ook gratis<\/li><\/ul>\t\t\t\t\t\t\t\t<\/div>\n\t\t\t\t<\/div>\n\t\t\t\t<div class=\"elementor-element elementor-element-34a91faf elementor-widget elementor-widget-text-editor\" data-id=\"34a91faf\" data-element_type=\"widget\" data-widget_type=\"text-editor.default\">\n\t\t\t\t<div class=\"elementor-widget-container\">\n\t\t\t\t\t\t\t\t\t<p><strong>Niet inbegrepen:<\/strong><\/p><ul><li>alle vervoer, eten en drinken op de heen- en terugreis<\/li><li>overige kosten heen- en terugreis<\/li><li>lunch en diner: in een almhut, restaurant of gezamenlijk bereid in het chalet<\/li><li>reiskosten naar en entree tot bezienswaardigheden<\/li><li>persoonlijke uitgaven<\/li><\/ul><p>\u00a0<\/p><p><strong>Prijsindicatie:<\/strong><\/p><ul><li>lunch onderweg ergens in een almhut ca. \u20ac15 tot \u20ac25 per keer<\/li><li>gezellig samen het avondeten koken (er is zelfs een BBQ in het chalet!); indicatie bijdrage gezamenlijke pot \u20ac150 tot \u20ac 250 per persoon per week<\/li><li>diner in restaurant in Gro\u00dfarl \u20ac40 tot \u20ac80 per persoon per keer<\/li><\/ul>\t\t\t\t\t\t\t\t<\/div>\n\t\t\t\t<\/div>\n\t\t\t\t<\/div>\n\t\t\t\t<div class=\"elementor-element elementor-element-1a6e3caf elementor-widget-divider--view-line elementor-widget elementor-widget-divider\" data-id=\"1a6e3caf\" data-element_type=\"widget\" data-widget_type=\"divider.default\">\n\t\t\t\t<div class=\"elementor-widget-container\">\n\t\t\t\t\t\t\t<div class=\"elementor-divider\">\n\t\t\t<span class=\"elementor-divider-separator\">\n\t\t\t\t\t\t<\/span>\n\t\t<\/div>\n\t\t\t\t\t\t<\/div>\n\t\t\t\t<\/div>\n\t\t<div class=\"elementor-element elementor-element-4bde45ef e-grid e-con-full e-con e-child\" data-id=\"4bde45ef\" data-element_type=\"container\">\n\t\t\t\t<div class=\"elementor-element elementor-element-14841d97 elementor-widget elementor-widget-text-editor\" data-id=\"14841d97\" data-element_type=\"widget\" data-widget_type=\"text-editor.default\">\n\t\t\t\t<div class=\"elementor-widget-container\">\n\t\t\t\t\t\t\t\t\t<p><strong>Vervoer<\/strong><\/p><p>Je reist op eigen gelegenheid naar Grossarl en\/of vertrek om 05:00 uur vanuit Wilbertoord (N-Br). Er is plaats voor 5 reizigers en bagage.<\/p>\t\t\t\t\t\t\t\t<\/div>\n\t\t\t\t<\/div>\n\t\t\t\t<div class=\"elementor-element elementor-element-4e4768ea elementor-widget elementor-widget-text-editor\" data-id=\"4e4768ea\" data-element_type=\"widget\" data-widget_type=\"text-editor.default\">\n\t\t\t\t<div class=\"elementor-widget-container\">\n\t\t\t\t\t\t\t\t\t<p><strong>Goed om te weten<\/strong><\/p><p>In Oostenrijk heb je voor elke auto een autowegvignet nodig. Deze zijn te koop je bij elk tankstation tussen M\u00fcnchen en de Oostenrijkse grens. De prijs is ca. \u20ac12,50 per vignet.<\/p><p>Aan de Oostenrijkse grens wordt nogal eens gecontroleerd. Zorg dat iedereen in de auto een geldig paspoort binnen handbereik heeft.<\/p>\t\t\t\t\t\t\t\t<\/div>\n\t\t\t\t<\/div>\n\t\t\t\t<div class=\"elementor-element elementor-element-24cf2ed6 elementor-widget elementor-widget-text-editor\" data-id=\"24cf2ed6\" data-element_type=\"widget\" data-widget_type=\"text-editor.default\">\n\t\t\t\t<div class=\"elementor-widget-container\">\n\t\t\t\t\t\t\t\t\t<p><strong>Verzekering<\/strong><\/p><p>Zorg voor de juiste dekking van je reisverzekering voor wandeltochten in de bergen. Wat we doen zijn wandeltochten, we gaan niet bergbeklimmen. Dat is bij veel verzekeraars een andere dekking. Voor alle duidelijkheid: je deelname aan onze wandeltochten is uiteraard geheel uit vrije wil en op eigen risico. Wij dragen geen verantwoording en accepteren geen aansprakelijkheid voor letsel, ongelukken of anderszins.<\/p>\t\t\t\t\t\t\t\t<\/div>\n\t\t\t\t<\/div>\n\t\t\t\t<\/div>\n\t\t\t\t<div class=\"elementor-element elementor-element-65e02276 elementor-widget-divider--view-line elementor-widget elementor-widget-divider\" data-id=\"65e02276\" data-element_type=\"widget\" data-widget_type=\"divider.default\">\n\t\t\t\t<div class=\"elementor-widget-container\">\n\t\t\t\t\t\t\t<div class=\"elementor-divider\">\n\t\t\t<span class=\"elementor-divider-separator\">\n\t\t\t\t\t\t<\/span>\n\t\t<\/div>\n\t\t\t\t\t\t<\/div>\n\t\t\t\t<\/div>\n\t\t\t\t<div class=\"elementor-element elementor-element-4307136b elementor-widget elementor-widget-image\" data-id=\"4307136b\" data-element_type=\"widget\" data-widget_type=\"image.default\">\n\t\t\t\t<div class=\"elementor-widget-container\">\n\t\t\t\t\t\t\t\t\t\t\t\t<figure class=\"wp-caption\">\n\t\t\t\t\t\t\t\t\t\t<img loading=\"lazy\" decoding=\"async\" width=\"800\" height=\"600\" src=\"https:\/\/vakantiehuiskristall.nl\/wp-content\/uploads\/2025\/09\/heerlijkesneeuwwandeling-WvD-1024x768.jpg\" class=\"attachment-large size-large wp-image-1610\" alt=\"\" srcset=\"https:\/\/vakantiehuiskristall.nl\/wp-content\/uploads\/2025\/09\/heerlijkesneeuwwandeling-WvD-1024x768.jpg 1024w, https:\/\/vakantiehuiskristall.nl\/wp-content\/uploads\/2025\/09\/heerlijkesneeuwwandeling-WvD-300x225.jpg 300w, https:\/\/vakantiehuiskristall.nl\/wp-content\/uploads\/2025\/09\/heerlijkesneeuwwandeling-WvD-768x576.jpg 768w, https:\/\/vakantiehuiskristall.nl\/wp-content\/uploads\/2025\/09\/heerlijkesneeuwwandeling-WvD-1536x1152.jpg 1536w, https:\/\/vakantiehuiskristall.nl\/wp-content\/uploads\/2025\/09\/heerlijkesneeuwwandeling-WvD.jpg 2016w\" sizes=\"(max-width: 800px) 100vw, 800px\" \/>\t\t\t\t\t\t\t\t\t\t\t<figcaption class=\"widget-image-caption wp-caption-text\">sneeuwwandeling<\/figcaption>\n\t\t\t\t\t\t\t\t\t\t<\/figure>\n\t\t\t\t\t\t\t\t\t<\/div>\n\t\t\t\t<\/div>\n\t\t\t\t<div class=\"elementor-element elementor-element-28a227ef elementor-widget-divider--view-line elementor-widget elementor-widget-divider\" data-id=\"28a227ef\" data-element_type=\"widget\" data-widget_type=\"divider.default\">\n\t\t\t\t<div class=\"elementor-widget-container\">\n\t\t\t\t\t\t\t<div class=\"elementor-divider\">\n\t\t\t<span class=\"elementor-divider-separator\">\n\t\t\t\t\t\t<\/span>\n\t\t<\/div>\n\t\t\t\t\t\t<\/div>\n\t\t\t\t<\/div>\n\t\t<div class=\"elementor-element elementor-element-09c713e e-grid e-con-full e-con e-child\" data-id=\"09c713e\" data-element_type=\"container\">\n\t\t\t\t<div class=\"elementor-element elementor-element-5aec80a elementor-widget elementor-widget-text-editor\" data-id=\"5aec80a\" data-element_type=\"widget\" data-widget_type=\"text-editor.default\">\n\t\t\t\t<div class=\"elementor-widget-container\">\n\t\t\t\t\t\t\t\t\t<p><strong>Waarom kies je voor deze unieke wandelreis?<\/strong><\/p><ul><li>je voelt je ver weg van alle hectiek<\/li><li>beleef en proef een stukje authentiek Oostenrijk<\/li><li>kleinschalig<\/li><li>wandelen in zuivere berglucht<\/li><li>verblijf in je eigen chalet<\/li><li>in een groep met enthousiaste onbekende wandelaars<\/li><li>met je eigen groep kan ook<\/li><li>je kunt zelf de zwaarte en duur van het programma en de wandelingen bepalen<\/li><li>je hebt een Nederlandse gids die bekend is in Grossarl<\/li><li>de mooiste uitzichten en voldoening bij het bereiken van een top<\/li><li>een voldaan gevoel<\/li><li>tijd en ruimte voor jezelf<\/li><li>niets moet en van alles mag<\/li><\/ul>\t\t\t\t\t\t\t\t<\/div>\n\t\t\t\t<\/div>\n\t\t\t\t<div class=\"elementor-element elementor-element-2c6ba50 elementor-widget elementor-widget-image\" data-id=\"2c6ba50\" data-element_type=\"widget\" data-widget_type=\"image.default\">\n\t\t\t\t<div class=\"elementor-widget-container\">\n\t\t\t\t\t\t\t\t\t\t\t\t<figure class=\"wp-caption\">\n\t\t\t\t\t\t\t\t\t\t<img loading=\"lazy\" decoding=\"async\" width=\"768\" height=\"1024\" src=\"https:\/\/vakantiehuiskristall.nl\/wp-content\/uploads\/2025\/09\/SneeuwWalter-WvD-768x1024.jpg\" class=\"attachment-medium_large size-medium_large wp-image-1606\" alt=\"\" srcset=\"https:\/\/vakantiehuiskristall.nl\/wp-content\/uploads\/2025\/09\/SneeuwWalter-WvD-768x1024.jpg 768w, https:\/\/vakantiehuiskristall.nl\/wp-content\/uploads\/2025\/09\/SneeuwWalter-WvD-225x300.jpg 225w, https:\/\/vakantiehuiskristall.nl\/wp-content\/uploads\/2025\/09\/SneeuwWalter-WvD.jpg 1112w\" sizes=\"(max-width: 768px) 100vw, 768px\" \/>\t\t\t\t\t\t\t\t\t\t\t<figcaption class=\"widget-image-caption wp-caption-text\">Walter aan de winterwandel<\/figcaption>\n\t\t\t\t\t\t\t\t\t\t<\/figure>\n\t\t\t\t\t\t\t\t\t<\/div>\n\t\t\t\t<\/div>\n\t\t\t\t<\/div>\n\t\t\t\t<div class=\"elementor-element elementor-element-57b96694 elementor-widget-divider--view-line elementor-widget elementor-widget-divider\" data-id=\"57b96694\" data-element_type=\"widget\" data-widget_type=\"divider.default\">\n\t\t\t\t<div class=\"elementor-widget-container\">\n\t\t\t\t\t\t\t<div class=\"elementor-divider\">\n\t\t\t<span class=\"elementor-divider-separator\">\n\t\t\t\t\t\t<\/span>\n\t\t<\/div>\n\t\t\t\t\t\t<\/div>\n\t\t\t\t<\/div>\n\t\t\t\t<div class=\"elementor-element elementor-element-6e146c1c elementor-widget elementor-widget-text-editor\" data-id=\"6e146c1c\" data-element_type=\"widget\" data-widget_type=\"text-editor.default\">\n\t\t\t\t<div class=\"elementor-widget-container\">\n\t\t\t\t\t\t\t\t\t<p><strong>Datum winterwandelreis: 6 daagse reis<\/strong><\/p><ul><li>zaterdag 13 tot en donderdag 18 december 2025<\/li><\/ul><p>Andere data alleen in overleg.<\/p>\t\t\t\t\t\t\t\t<\/div>\n\t\t\t\t<\/div>\n\t\t\t\t<div class=\"elementor-element elementor-element-40914ccd elementor-widget-divider--view-line elementor-widget elementor-widget-divider\" data-id=\"40914ccd\" data-element_type=\"widget\" data-widget_type=\"divider.default\">\n\t\t\t\t<div class=\"elementor-widget-container\">\n\t\t\t\t\t\t\t<div class=\"elementor-divider\">\n\t\t\t<span class=\"elementor-divider-separator\">\n\t\t\t\t\t\t<\/span>\n\t\t<\/div>\n\t\t\t\t\t\t<\/div>\n\t\t\t\t<\/div>\n\t\t\t\t<div class=\"elementor-element elementor-element-adb3c07 elementor-widget elementor-widget-heading\" data-id=\"adb3c07\" data-element_type=\"widget\" data-widget_type=\"heading.default\">\n\t\t\t\t<div class=\"elementor-widget-container\">\n\t\t\t\t\t<h3 class=\"elementor-heading-title elementor-size-default\">Ja! Ik kom wandelen in het Gro\u00dfarltal!<\/h3>\t\t\t\t<\/div>\n\t\t\t\t<\/div>\n\t\t\t\t<div class=\"elementor-element elementor-element-32a66914 elementor-widget elementor-widget-text-editor\" data-id=\"32a66914\" data-element_type=\"widget\" data-widget_type=\"text-editor.default\">\n\t\t\t\t<div class=\"elementor-widget-container\">\n\t\t\t\t\t\t\t\t\t<p>Neem meteen contact op met Walter via <a href=\"mailto:walter@famvandeursen.nl\">walter@famvandeursen.nl<\/a> of bel naar +31622600492.<\/p><p>We sturen je zo snel mogelijk meer informatie over je aanmelding en we horen je natuurlijk ook graag als we je verder te woord kunnen staan.<\/p>\t\t\t\t\t\t\t\t<\/div>\n\t\t\t\t<\/div>\n\t\t\t\t\t<\/div>\n\t\t\t\t<\/div>\n\t\t\t\t<\/div>\n\t\t","protected":false},"excerpt":{"rendered":"<p>Loosbuhel in de sneeuw wandelreis uitrusting boeken Winterreis 2025 Diep verscholen in de Oostenrijkse Alpen heeft het Gro\u00dfarl dal veel van het oorspronkelijke karakter en landschappelijke schoonheid behouden. Het \u2018Dal van de Almen\u2019 is met haar glooiende alpenweiden, prachtige routes en vele \u2018bewirtschaftete\u2019 almen een waar eldorado voor de (sneeuw)wandelaar. Heb je zin om het [&hellip;]<\/p>\n","protected":false},"author":2,"featured_media":0,"parent":0,"menu_order":0,"comment_status":"closed","ping_status":"closed","template":"","meta":{"footnotes":""},"class_list":["post-707","page","type-page","status-publish","hentry"],"_links":{"self":[{"href":"https:\/\/vakantiehuiskristall.nl\/index.php?rest_route=\/wp\/v2\/pages\/707","targetHints":{"allow":["GET"]}}],"collection":[{"href":"https:\/\/vakantiehuiskristall.nl\/index.php?rest_route=\/wp\/v2\/pages"}],"about":[{"href":"https:\/\/vakantiehuiskristall.nl\/index.php?rest_route=\/wp\/v2\/types\/page"}],"author":[{"embeddable":true,"href":"https:\/\/vakantiehuiskristall.nl\/index.php?rest_route=\/wp\/v2\/users\/2"}],"replies":[{"embeddable":true,"href":"https:\/\/vakantiehuiskristall.nl\/index.php?rest_route=%2Fwp%2Fv2%2Fcomments&post=707"}],"version-history":[{"count":197,"href":"https:\/\/vakantiehuiskristall.nl\/index.php?rest_route=\/wp\/v2\/pages\/707\/revisions"}],"predecessor-version":[{"id":1685,"href":"https:\/\/vakantiehuiskristall.nl\/index.php?rest_route=\/wp\/v2\/pages\/707\/revisions\/1685"}],"wp:attachment":[{"href":"https:\/\/vakantiehuiskristall.nl\/index.php?rest_route=%2Fwp%2Fv2%2Fmedia&parent=707"}],"curies":[{"name":"wp","href":"https:\/\/api.w.org\/{rel}","templated":true}]}}